{"id":239833,"date":"2023-08-19T15:28:03","date_gmt":"2023-08-19T13:28:03","guid":{"rendered":"https:\/\/aikido-ychoux.com\/?page_id=239833"},"modified":"2024-01-04T11:13:45","modified_gmt":"2024-01-04T10:13:45","slug":"blog","status":"publish","type":"page","link":"https:\/\/aikido-ychoux.com\/index.php\/blog\/","title":{"rendered":"Blog"},"content":{"rendered":"<p><div class=\"et_d4_element et_pb_section et_pb_section_0 et_pb_section_parallax et_pb_with_background  et_pb_css_mix_blend_mode et_pb_inner_shadow et_section_regular et_block_section\" >\n\t\t\t\t\n\t\t\t\t<span class=\"et_parallax_bg_wrap et-pb-parallax-wrapper\"><span\n\t\t\t\t\t\tclass=\"et_parallax_bg et_parallax_bg--et_pb_section_0\"\n\t\t\t\t\t\tstyle=\"background-image: url(https:\/\/aikido-ychoux.com\/wp-content\/uploads\/2024\/01\/fujietlogo.jpg);\"\n\t\t\t\t\t><\/span><\/span>\n\t\t\t\t\n\t\t\t\t\n\t\t\t\t\n\t\t\t\t\n\t\t\t\t<div class=\"et_d4_element et_pb_row et_pb_row_0  et_pb_css_mix_blend_mode et_block_row\">\n\t\t\t\t<div class=\"et_d4_element et_pb_column_4_4 et_pb_column et_pb_column_0  et_pb_css_mix_blend_mode et-last-child et_block_column\">\n\t\t\t\t\n\t\t\t\t\n\t\t\t\t\n\t\t\t\t\n\t\t\t\t<div class=\"et_pb_module et_d4_element et_pb_text et_pb_text_0  et_pb_text_align_left et_pb_bg_layout_light\">\n\t\t\t\t\n\t\t\t\t\n\t\t\t\t\n\t\t\t\t\n\t\t\t\t<div class=\"et_pb_text_inner\"><h1><\/h1><\/div>\n\t\t\t<\/div><div class=\"et_pb_module et_d4_element et_pb_post_slider et_pb_post_slider_0  et_pb_css_mix_blend_mode et_pb_slider et_pb_post_slider_image_background et_pb_slider_fullwidth_off et_pb_slider_with_overlay et_pb_slider_with_text_overlay\">\n\t\t\t\t\n\t\t\t\t\n\t\t\t\t\n\t\t\t\t\n\t\t\t\t<div class=\"et_pb_slides\">\n\t\t\t\t\t\t\t\t\t<div class=\"et_pb_slide et_pb_bg_layout_dark et_pb_post_slide-241157\"  style=\"background-image: url(https:\/\/aikido-ychoux.com\/wp-content\/uploads\/2026\/03\/GodanShidoin.jpg);\">\n\t\t\t\t\t\t\t\t\t\t\t\t\t<div class=\"et_pb_slide_overlay_container\"><\/div>\n\t\t\t\t\t\t\t\t<div class=\"et_pb_container clearfix\">\n\t\t\t\t\t<div class=\"et_pb_slider_container_inner\">\n\t\t\t\t\t\t\t\t\t\t\t\t<div class=\"et_pb_slide_description\">\n\t\t\t\t\t\t\t\t\t\t\t\t\t\t\t<div class=\"et_pb_text_overlay_wrapper\">\t\t\t\t\t\t\t\t<h1 class=\"et_pb_slide_title\"><a href=\"https:\/\/aikido-ychoux.com\/index.php\/2026\/03\/31\/excellence-et-transmission-les-shidoin-eric-laporte-et-moufid-hajjar-promus-au-rang-de-godan-dan-aikikai\/\">Excellence et Transmission : les Shidoin \u00c9ric Laporte et Moufid Hajjar promus au rang de Godan Dan A\u00efkika\u00ef.<\/a><\/h1>\n\t\t\t\t\t\t\t\t<div class=\"et_pb_slide_content\n\t\t\t\t\t\t\t\t\t\t\t\t\t\t\t\t\">\n\t\t\t\t\t\t\t\t\t<div><\/div>\t\t\t\t\t\t\t\t<\/div>\n\t\t\t\t\t\t\t\t\t\t\t\t\t\t\t<\/div>\t\t\t\t\t\t\t<div class=\"et_pb_button_wrapper\"><a class=\"et_pb_button et_pb_more_button\" href=\"https:\/\/aikido-ychoux.com\/index.php\/2026\/03\/31\/excellence-et-transmission-les-shidoin-eric-laporte-et-moufid-hajjar-promus-au-rang-de-godan-dan-aikikai\/\">Lire plus<\/a><\/div>\t\t\t\t\t\t<\/div>\n\t\t\t\t\t\t\t\t\t\t\t<\/div>\n\t\t\t\t<\/div>\n\t\t\t<\/div>\n\t\t\t\t\t\t\t\t<div class=\"et_pb_slide et_pb_bg_layout_dark et_pb_post_slide-241087\"  style=\"background-image: url(https:\/\/aikido-ychoux.com\/wp-content\/uploads\/2026\/01\/IMG_6980-scaled.jpg);\">\n\t\t\t\t\t\t\t\t\t\t\t\t\t<div class=\"et_pb_slide_overlay_container\"><\/div>\n\t\t\t\t\t\t\t\t<div class=\"et_pb_container clearfix\">\n\t\t\t\t\t<div class=\"et_pb_slider_container_inner\">\n\t\t\t\t\t\t\t\t\t\t\t\t<div class=\"et_pb_slide_description\">\n\t\t\t\t\t\t\t\t\t\t\t\t\t\t\t<div class=\"et_pb_text_overlay_wrapper\">\t\t\t\t\t\t\t\t<h1 class=\"et_pb_slide_title\"><a href=\"https:\/\/aikido-ychoux.com\/index.php\/2026\/01\/11\/un-quart-de-siecle-de-partage-au-budoclub-ychoussois\/\">Un quart de si\u00e8cle de partage au Budoclub Ychoussois !<\/a><\/h1>\n\t\t\t\t\t\t\t\t<div class=\"et_pb_slide_content\n\t\t\t\t\t\t\t\t\t\t\t\t\t\t\t\t\">\n\t\t\t\t\t\t\t\t\t<div>\u00c0 l'occasion de son 25\u00e8me anniversaire, le dojo d\u2019Ychoux a v\u00e9cu un moment d\u2019exception, m\u00ealant tradition, expertise technique et fraternit\u00e9 entre les...<\/div>\t\t\t\t\t\t\t\t<\/div>\n\t\t\t\t\t\t\t\t\t\t\t\t\t\t\t<\/div>\t\t\t\t\t\t\t<div class=\"et_pb_button_wrapper\"><a class=\"et_pb_button et_pb_more_button\" href=\"https:\/\/aikido-ychoux.com\/index.php\/2026\/01\/11\/un-quart-de-siecle-de-partage-au-budoclub-ychoussois\/\">Lire plus<\/a><\/div>\t\t\t\t\t\t<\/div>\n\t\t\t\t\t\t\t\t\t\t\t<\/div>\n\t\t\t\t<\/div>\n\t\t\t<\/div>\n\t\t\t\t\t\t\t\t<div class=\"et_pb_slide et_pb_bg_layout_dark et_pb_post_slide-241078\"  style=\"background-image: url(https:\/\/aikido-ychoux.com\/wp-content\/uploads\/2025\/08\/stage-Luis-Antunes-Ychoux-mai-2025-34.jpg);\">\n\t\t\t\t\t\t\t\t\t\t\t\t\t<div class=\"et_pb_slide_overlay_container\"><\/div>\n\t\t\t\t\t\t\t\t<div class=\"et_pb_container clearfix\">\n\t\t\t\t\t<div class=\"et_pb_slider_container_inner\">\n\t\t\t\t\t\t\t\t\t\t\t\t<div class=\"et_pb_slide_description\">\n\t\t\t\t\t\t\t\t\t\t\t\t\t\t\t<div class=\"et_pb_text_overlay_wrapper\">\t\t\t\t\t\t\t\t<h1 class=\"et_pb_slide_title\"><a href=\"https:\/\/aikido-ychoux.com\/index.php\/2025\/12\/10\/une-saison-tournee-vers-le-renouveau\/\">Une saison tourn\u00e9e vers le renouveau !\u00a0<\/a><\/h1>\n\t\t\t\t\t\t\t\t<div class=\"et_pb_slide_content\n\t\t\t\t\t\t\t\t\t\t\t\t\t\t\t\t\">\n\t\t\t\t\t\t\t\t\t<div>La saison est d\u00e9j\u00e0 bien entam\u00e9e et les f\u00eates de fin d\u2019ann\u00e9e approchent \u00e0 grand pas. Le sapin est d\u00e9j\u00e0 pr\u00eat, le calendrier de l\u2019avent se vide petit \u00e0...<\/div>\t\t\t\t\t\t\t\t<\/div>\n\t\t\t\t\t\t\t\t\t\t\t\t\t\t\t<\/div>\t\t\t\t\t\t\t<div class=\"et_pb_button_wrapper\"><a class=\"et_pb_button et_pb_more_button\" href=\"https:\/\/aikido-ychoux.com\/index.php\/2025\/12\/10\/une-saison-tournee-vers-le-renouveau\/\">Lire plus<\/a><\/div>\t\t\t\t\t\t<\/div>\n\t\t\t\t\t\t\t\t\t\t\t<\/div>\n\t\t\t\t<\/div>\n\t\t\t<\/div>\n\t\t\t\t\n\t\t\t\t<\/div>\n\t\t\t\t\n\t\t\t<\/div>\n\t\t\t\n\t\t\t<\/div>\n\t\t\t\t\n\t\t\t\t\n\t\t\t\t\n\t\t\t\t\n\t\t\t<\/div><div class=\"et_d4_element et_pb_row et_pb_row_1  et_pb_css_mix_blend_mode et_block_row\">\n\t\t\t\t<div class=\"et_d4_element et_pb_column_4_4 et_pb_column et_pb_column_1  et_pb_css_mix_blend_mode et-last-child et_block_column\">\n\t\t\t\t\n\t\t\t\t\n\t\t\t\t\n\t\t\t\t\n\t\t\t\t<div class=\"et_pb_with_border et_pb_module et_d4_element et_pb_blog_0  et_pb_css_mix_blend_mode et_pb_blog_grid_wrapper et_pb_bg_layout_light\">\n\t\t\t\t\t<div class=\"et_pb_blog_grid clearfix \">\n\t\t\t\t\t\n\t\t\t\t\t\n\t\t\t\t\t\n\t\t\t\t\t\n\t\t\t\t\t<div class=\"et_pb_ajax_pagination_container\">\n\t\t\t\t\t\t<div class=\"et_pb_salvattore_content\" data-columns>\n\t\t\t<article id=\"post-241157\" class=\"et_pb_post clearfix et_pb_blog_item_0_0 post-241157 post type-post status-publish format-standard has-post-thumbnail hentry category-non-classe\">\n\n\t\t\t\t<div class=\"et_pb_image_container\"><a href=\"https:\/\/aikido-ychoux.com\/index.php\/2026\/03\/31\/excellence-et-transmission-les-shidoin-eric-laporte-et-moufid-hajjar-promus-au-rang-de-godan-dan-aikikai\/\" class=\"entry-featured-image-url\"><img loading=\"lazy\" decoding=\"async\" src=\"https:\/\/aikido-ychoux.com\/wp-content\/uploads\/2026\/03\/GodanShidoin-400x250.jpg\" alt=\"Excellence et Transmission : les Shidoin \u00c9ric Laporte et Moufid Hajjar promus au rang de Godan Dan A\u00efkika\u00ef.\" class=\"\" srcset=\"https:\/\/aikido-ychoux.com\/wp-content\/uploads\/2026\/03\/GodanShidoin.jpg 479w, https:\/\/aikido-ychoux.com\/wp-content\/uploads\/2026\/03\/GodanShidoin-400x250.jpg 480w \" sizes=\"(max-width:479px) 479px, 100vw \"  width=\"400\" height=\"250\" \/><\/a><\/div>\n\t\t\t\t\t\t\t\t\t\t\t\t\t\t<h3 class=\"entry-title\">\n\t\t\t\t\t\t\t\t\t\t\t\t\t<a href=\"https:\/\/aikido-ychoux.com\/index.php\/2026\/03\/31\/excellence-et-transmission-les-shidoin-eric-laporte-et-moufid-hajjar-promus-au-rang-de-godan-dan-aikikai\/\">Excellence et Transmission : les Shidoin \u00c9ric Laporte et Moufid Hajjar promus au rang de Godan Dan A\u00efkika\u00ef.<\/a>\n\t\t\t\t\t\t\t\t\t\t\t<\/h3>\n\t\t\t\t\n\t\t\t\t\t<p class=\"post-meta\"><span class=\"published\">Mar 31, 2026<\/span> | <a href=\"https:\/\/aikido-ychoux.com\/index.php\/category\/non-classe\/\" rel=\"tag\">Non class\u00e9<\/a><\/p><div class=\"post-content\"><div class=\"post-content-inner et_multi_view_hidden\"><\/div><\/div>\t\t\t\n\t\t\t<\/article>\n\t\t\t\t\n\t\t\t<article id=\"post-241087\" class=\"et_pb_post clearfix et_pb_blog_item_0_1 post-241087 post type-post status-publish format-standard has-post-thumbnail hentry category-non-classe\">\n\n\t\t\t\t<div class=\"et_pb_image_container\"><a href=\"https:\/\/aikido-ychoux.com\/index.php\/2026\/01\/11\/un-quart-de-siecle-de-partage-au-budoclub-ychoussois\/\" class=\"entry-featured-image-url\"><img loading=\"lazy\" decoding=\"async\" src=\"https:\/\/aikido-ychoux.com\/wp-content\/uploads\/2026\/01\/IMG_6980-400x250.jpg\" alt=\"Un quart de si\u00e8cle de partage au Budoclub Ychoussois !\" class=\"\" srcset=\"https:\/\/aikido-ychoux.com\/wp-content\/uploads\/2026\/01\/IMG_6980-scaled.jpg 479w, https:\/\/aikido-ychoux.com\/wp-content\/uploads\/2026\/01\/IMG_6980-400x250.jpg 480w \" sizes=\"(max-width:479px) 479px, 100vw \"  width=\"400\" height=\"250\" \/><\/a><\/div>\n\t\t\t\t\t\t\t\t\t\t\t\t\t\t<h3 class=\"entry-title\">\n\t\t\t\t\t\t\t\t\t\t\t\t\t<a href=\"https:\/\/aikido-ychoux.com\/index.php\/2026\/01\/11\/un-quart-de-siecle-de-partage-au-budoclub-ychoussois\/\">Un quart de si\u00e8cle de partage au Budoclub Ychoussois !<\/a>\n\t\t\t\t\t\t\t\t\t\t\t<\/h3>\n\t\t\t\t\n\t\t\t\t\t<p class=\"post-meta\"><span class=\"published\">Jan 11, 2026<\/span> | <a href=\"https:\/\/aikido-ychoux.com\/index.php\/category\/non-classe\/\" rel=\"tag\">Non class\u00e9<\/a><\/p><div class=\"post-content\"><div class=\"post-content-inner et_multi_view_hidden\"><p>\u00c0 l'occasion de son 25\u00e8me anniversaire, le dojo d\u2019Ychoux a v\u00e9cu un moment d\u2019exception, m\u00ealant tradition, expertise technique et fraternit\u00e9 entre les disciplines. Quand l'A\u00efkido rencontre le Ta\u00ef-chi. Le club a r\u00e9uni les pratiquants d'A\u00efkido et de Ta\u00ef-chi pour une...<\/p>\n<\/div><\/div>\t\t\t\n\t\t\t<\/article>\n\t\t\t\t\n\t\t\t<article id=\"post-241078\" class=\"et_pb_post clearfix et_pb_blog_item_0_2 post-241078 post type-post status-publish format-standard has-post-thumbnail hentry category-non-classe\">\n\n\t\t\t\t<div class=\"et_pb_image_container\"><a href=\"https:\/\/aikido-ychoux.com\/index.php\/2025\/12\/10\/une-saison-tournee-vers-le-renouveau\/\" class=\"entry-featured-image-url\"><img loading=\"lazy\" decoding=\"async\" src=\"https:\/\/aikido-ychoux.com\/wp-content\/uploads\/2025\/08\/stage-Luis-Antunes-Ychoux-mai-2025-34-400x250.jpg\" alt=\"Une saison tourn\u00e9e vers le renouveau !\u00a0\" class=\"\" srcset=\"https:\/\/aikido-ychoux.com\/wp-content\/uploads\/2025\/08\/stage-Luis-Antunes-Ychoux-mai-2025-34.jpg 479w, https:\/\/aikido-ychoux.com\/wp-content\/uploads\/2025\/08\/stage-Luis-Antunes-Ychoux-mai-2025-34-400x250.jpg 480w \" sizes=\"(max-width:479px) 479px, 100vw \"  width=\"400\" height=\"250\" \/><\/a><\/div>\n\t\t\t\t\t\t\t\t\t\t\t\t\t\t<h3 class=\"entry-title\">\n\t\t\t\t\t\t\t\t\t\t\t\t\t<a href=\"https:\/\/aikido-ychoux.com\/index.php\/2025\/12\/10\/une-saison-tournee-vers-le-renouveau\/\">Une saison tourn\u00e9e vers le renouveau !\u00a0<\/a>\n\t\t\t\t\t\t\t\t\t\t\t<\/h3>\n\t\t\t\t\n\t\t\t\t\t<p class=\"post-meta\"><span class=\"published\">D\u00e9c 10, 2025<\/span> | <a href=\"https:\/\/aikido-ychoux.com\/index.php\/category\/non-classe\/\" rel=\"tag\">Non class\u00e9<\/a><\/p><div class=\"post-content\"><div class=\"post-content-inner et_multi_view_hidden\"><p>La saison est d\u00e9j\u00e0 bien entam\u00e9e et les f\u00eates de fin d\u2019ann\u00e9e approchent \u00e0 grand pas. Le sapin est d\u00e9j\u00e0 pr\u00eat, le calendrier de l\u2019avent se vide petit \u00e0 petit, nous allons bient\u00f4t profiter des gens que l\u2019on aime ! Ce d\u00e9but de saison est marqu\u00e9 par un changement notable...<\/p>\n<\/div><\/div>\t\t\t\n\t\t\t<\/article>\n\t\t\t\t\n\t\t\t<article id=\"post-240917\" class=\"et_pb_post clearfix et_pb_blog_item_0_3 post-240917 post type-post status-publish format-standard has-post-thumbnail hentry category-non-classe\">\n\n\t\t\t\t<div class=\"et_pb_image_container\"><a href=\"https:\/\/aikido-ychoux.com\/index.php\/2025\/06\/03\/une-fin-de-saison-intense-et-engagee-pour-les-aikidokas-du-budoclub\/\" class=\"entry-featured-image-url\"><img loading=\"lazy\" decoding=\"async\" src=\"https:\/\/aikido-ychoux.com\/wp-content\/uploads\/2025\/06\/stage-Luis-Antunes-Ychoux-mai-2025-1-400x250.jpg\" alt=\"Une fin de saison intense et engag\u00e9e pour les A\u00efkidokas du BudoClub.\" class=\"\" srcset=\"https:\/\/aikido-ychoux.com\/wp-content\/uploads\/2025\/06\/stage-Luis-Antunes-Ychoux-mai-2025-1.jpg 479w, https:\/\/aikido-ychoux.com\/wp-content\/uploads\/2025\/06\/stage-Luis-Antunes-Ychoux-mai-2025-1-400x250.jpg 480w \" sizes=\"(max-width:479px) 479px, 100vw \"  width=\"400\" height=\"250\" \/><\/a><\/div>\n\t\t\t\t\t\t\t\t\t\t\t\t\t\t<h3 class=\"entry-title\">\n\t\t\t\t\t\t\t\t\t\t\t\t\t<a href=\"https:\/\/aikido-ychoux.com\/index.php\/2025\/06\/03\/une-fin-de-saison-intense-et-engagee-pour-les-aikidokas-du-budoclub\/\">Une fin de saison intense et engag\u00e9e pour les A\u00efkidokas du BudoClub.<\/a>\n\t\t\t\t\t\t\t\t\t\t\t<\/h3>\n\t\t\t\t\n\t\t\t\t\t<p class=\"post-meta\"><span class=\"published\">Juin 3, 2025<\/span> | <a href=\"https:\/\/aikido-ychoux.com\/index.php\/category\/non-classe\/\" rel=\"tag\">Non class\u00e9<\/a><\/p><div class=\"post-content\"><div class=\"post-content-inner et_multi_view_hidden\"><p>Le printemps touche \u00e0 sa fin et la fin de la saison 2024-2025 approche \u00e0 grand pas. Malgr\u00e9 cela pas le temps de r\u00eaver ou d\u2019en profiter pour renouer avec les longues plages de sable du littoral landais ! Ce sera pour plus tard !!! En avril comme en mai, les activit\u00e9s...<\/p>\n<\/div><\/div>\t\t\t\n\t\t\t<\/article>\n\t\t\t\t\n\t\t\t<article id=\"post-240898\" class=\"et_pb_post clearfix et_pb_blog_item_0_4 post-240898 post type-post status-publish format-standard has-post-thumbnail hentry category-non-classe\">\n\n\t\t\t\t<div class=\"et_pb_image_container\"><a href=\"https:\/\/aikido-ychoux.com\/index.php\/2025\/03\/31\/mars-un-mois-tres-riche-pour-le-budo-club-ychoussois\/\" class=\"entry-featured-image-url\"><img loading=\"lazy\" decoding=\"async\" src=\"https:\/\/aikido-ychoux.com\/wp-content\/uploads\/2025\/03\/WhatsApp-Image-2025-03-26-at-22.12.30-1-400x250.jpeg\" alt=\"Mars, un mois tr\u00e8s riche pour le Budo Club Ychoussois !\" class=\"\" srcset=\"https:\/\/aikido-ychoux.com\/wp-content\/uploads\/2025\/03\/WhatsApp-Image-2025-03-26-at-22.12.30-1.jpeg 479w, https:\/\/aikido-ychoux.com\/wp-content\/uploads\/2025\/03\/WhatsApp-Image-2025-03-26-at-22.12.30-1-400x250.jpeg 480w \" sizes=\"(max-width:479px) 479px, 100vw \"  width=\"400\" height=\"250\" \/><\/a><\/div>\n\t\t\t\t\t\t\t\t\t\t\t\t\t\t<h3 class=\"entry-title\">\n\t\t\t\t\t\t\t\t\t\t\t\t\t<a href=\"https:\/\/aikido-ychoux.com\/index.php\/2025\/03\/31\/mars-un-mois-tres-riche-pour-le-budo-club-ychoussois\/\">Mars, un mois tr\u00e8s riche pour le Budo Club Ychoussois !<\/a>\n\t\t\t\t\t\t\t\t\t\t\t<\/h3>\n\t\t\t\t\n\t\t\t\t\t<p class=\"post-meta\"><span class=\"published\">Mar 31, 2025<\/span> | <a href=\"https:\/\/aikido-ychoux.com\/index.php\/category\/non-classe\/\" rel=\"tag\">Non class\u00e9<\/a><\/p><div class=\"post-content\"><div class=\"post-content-inner et_multi_view_hidden\"><p>Cette ann\u00e9e encore les pratiquants du BudoClub Ychoussois\u00a0 n\u2019ont pas m\u00e9nag\u00e9 leurs efforts en ce mois de mars.\u00a0 Petite chronologie a\u00efki ! Les journ\u00e9es portes ouvertes, organis\u00e9es par la FFAB \u00e0 l\u2019occasion de la journ\u00e9e internationale des droits des Femmes du 1er au 16...<\/p>\n<\/div><\/div>\t\t\t\n\t\t\t<\/article>\n\t\t\t\t\n\t\t\t<article id=\"post-240871\" class=\"et_pb_post clearfix et_pb_blog_item_0_5 post-240871 post type-post status-publish format-standard has-post-thumbnail hentry category-news\">\n\n\t\t\t\t<div class=\"et_pb_image_container\"><a href=\"https:\/\/aikido-ychoux.com\/index.php\/2025\/01\/13\/kagami-biraki-2025-une-belle-soiree-de-partage\/\" class=\"entry-featured-image-url\"><img loading=\"lazy\" decoding=\"async\" src=\"https:\/\/aikido-ychoux.com\/wp-content\/uploads\/2025\/01\/WhatsApp-Image-2025-01-13-at-14.14.57-400x250.jpeg\" alt=\"Kagami Biraki 2025 : une belle soir\u00e9e de partage !\" class=\"\" srcset=\"https:\/\/aikido-ychoux.com\/wp-content\/uploads\/2025\/01\/WhatsApp-Image-2025-01-13-at-14.14.57.jpeg 479w, https:\/\/aikido-ychoux.com\/wp-content\/uploads\/2025\/01\/WhatsApp-Image-2025-01-13-at-14.14.57-400x250.jpeg 480w \" sizes=\"(max-width:479px) 479px, 100vw \"  width=\"400\" height=\"250\" \/><\/a><\/div>\n\t\t\t\t\t\t\t\t\t\t\t\t\t\t<h3 class=\"entry-title\">\n\t\t\t\t\t\t\t\t\t\t\t\t\t<a href=\"https:\/\/aikido-ychoux.com\/index.php\/2025\/01\/13\/kagami-biraki-2025-une-belle-soiree-de-partage\/\">Kagami Biraki 2025 : une belle soir\u00e9e de partage !<\/a>\n\t\t\t\t\t\t\t\t\t\t\t<\/h3>\n\t\t\t\t\n\t\t\t\t\t<p class=\"post-meta\"><span class=\"published\">Jan 13, 2025<\/span> | <a href=\"https:\/\/aikido-ychoux.com\/index.php\/category\/news\/\" rel=\"tag\">news<\/a><\/p><div class=\"post-content\"><div class=\"post-content-inner et_multi_view_hidden\"><p>Au BudoClub Ychoussois comme dans beaucoup d\u2019autres clubs, nous nous retrouvons chaque d\u00e9but d\u2019ann\u00e9e pour se souhaiter tout un tas de bonnes choses autour de la traditionnelle galette. Cette deuxi\u00e8me \u00e9dition, sous l\u2019impulsion de l\u2019\u00e9quipe du Budo Club, nous avons...<\/p>\n<\/div><\/div>\t\t\t\n\t\t\t<\/article>\n\t\t\t\t\n\t\t\t<article id=\"post-240863\" class=\"et_pb_post clearfix et_pb_blog_item_0_6 post-240863 post type-post status-publish format-standard has-post-thumbnail hentry category-non-classe\">\n\n\t\t\t\t<div class=\"et_pb_image_container\"><a href=\"https:\/\/aikido-ychoux.com\/index.php\/2024\/12\/14\/transmission-les-shidoin-sur-le-devant-de-la-scene\/\" class=\"entry-featured-image-url\"><img loading=\"lazy\" decoding=\"async\" src=\"https:\/\/aikido-ychoux.com\/wp-content\/uploads\/2024\/12\/WhatsApp-Image-2024-12-14-at-15.15.45-400x250.jpeg\" alt=\"Transmission :  les Shid\u014din sur le devant de la sc\u00e8ne.\" class=\"\" srcset=\"https:\/\/aikido-ychoux.com\/wp-content\/uploads\/2024\/12\/WhatsApp-Image-2024-12-14-at-15.15.45.jpeg 479w, https:\/\/aikido-ychoux.com\/wp-content\/uploads\/2024\/12\/WhatsApp-Image-2024-12-14-at-15.15.45-400x250.jpeg 480w \" sizes=\"(max-width:479px) 479px, 100vw \"  width=\"400\" height=\"250\" \/><\/a><\/div>\n\t\t\t\t\t\t\t\t\t\t\t\t\t\t<h3 class=\"entry-title\">\n\t\t\t\t\t\t\t\t\t\t\t\t\t<a href=\"https:\/\/aikido-ychoux.com\/index.php\/2024\/12\/14\/transmission-les-shidoin-sur-le-devant-de-la-scene\/\">Transmission :  les Shid\u014din sur le devant de la sc\u00e8ne.<\/a>\n\t\t\t\t\t\t\t\t\t\t\t<\/h3>\n\t\t\t\t\n\t\t\t\t\t<p class=\"post-meta\"><span class=\"published\">D\u00e9c 14, 2024<\/span> | <a href=\"https:\/\/aikido-ychoux.com\/index.php\/category\/non-classe\/\" rel=\"tag\">Non class\u00e9<\/a><\/p><div class=\"post-content\"><div class=\"post-content-inner et_multi_view_hidden\"><p>La saison a commenc\u00e9 sur les chapeaux de roues et les pratiquants se rencontrent fr\u00e9quemment en stage et autres interclubs depuis le mois de septembre. Comme les ann\u00e9es pass\u00e9es, les clubs du Bouscat, de Mont-de-Marsan, de Parentis et d\u2019Ychoux co-organisent la venue de...<\/p>\n<\/div><\/div>\t\t\t\n\t\t\t<\/article>\n\t\t\t\t\n\t\t\t<article id=\"post-240848\" class=\"et_pb_post clearfix et_pb_blog_item_0_7 post-240848 post type-post status-publish format-standard has-post-thumbnail hentry category-non-classe\">\n\n\t\t\t\t<div class=\"et_pb_image_container\"><a href=\"https:\/\/aikido-ychoux.com\/index.php\/2024\/11\/18\/les-aikidoka-mobilises-pour-octobre-rose\/\" class=\"entry-featured-image-url\"><img loading=\"lazy\" decoding=\"async\" src=\"https:\/\/aikido-ychoux.com\/wp-content\/uploads\/2024\/11\/WhatsApp-Image-2024-11-18-at-19.55.47-400x250.jpeg\" alt=\"Les aikidoka mobilis\u00e9s pour Octobre Rose !\" class=\"\" srcset=\"https:\/\/aikido-ychoux.com\/wp-content\/uploads\/2024\/11\/WhatsApp-Image-2024-11-18-at-19.55.47.jpeg 479w, https:\/\/aikido-ychoux.com\/wp-content\/uploads\/2024\/11\/WhatsApp-Image-2024-11-18-at-19.55.47-400x250.jpeg 480w \" sizes=\"(max-width:479px) 479px, 100vw \"  width=\"400\" height=\"250\" \/><\/a><\/div>\n\t\t\t\t\t\t\t\t\t\t\t\t\t\t<h3 class=\"entry-title\">\n\t\t\t\t\t\t\t\t\t\t\t\t\t<a href=\"https:\/\/aikido-ychoux.com\/index.php\/2024\/11\/18\/les-aikidoka-mobilises-pour-octobre-rose\/\">Les aikidoka mobilis\u00e9s pour Octobre Rose !<\/a>\n\t\t\t\t\t\t\t\t\t\t\t<\/h3>\n\t\t\t\t\n\t\t\t\t\t<p class=\"post-meta\"><span class=\"published\">Nov 18, 2024<\/span> | <a href=\"https:\/\/aikido-ychoux.com\/index.php\/category\/non-classe\/\" rel=\"tag\">Non class\u00e9<\/a><\/p><div class=\"post-content\"><div class=\"post-content-inner et_multi_view_hidden\"><p>Contribution Catherine Sarniguet. Pour la premi\u00e8re fois, le mardi 29 octobre 2024, \u00e0 l\u2019initiative de l\u2019A\u00efkido Parentissois et du Budo Club Ychoussois, avait lieu au dojo de Parentis-en-Born une rencontre interclubs d\u2019a\u00efkido dans le cadre d\u2019Octobre Rose. \u00c9v\u00e9nement...<\/p>\n<\/div><\/div>\t\t\t\n\t\t\t<\/article>\n\t\t\t\t\n\t\t\t<article id=\"post-240837\" class=\"et_pb_post clearfix et_pb_no_thumb et_pb_blog_item_0_8 post-240837 post type-post status-publish format-standard hentry category-news\">\n\n\t\t\t\t\n\t\t\t\t\t\t\t\t\t\t\t\t\t\t<h3 class=\"entry-title\">\n\t\t\t\t\t\t\t\t\t\t\t\t\t<a href=\"https:\/\/aikido-ychoux.com\/index.php\/2024\/10\/28\/un-kamisa-a-la-hauteur-du-budo-club\/\">Un kamisa \u00e0 la hauteur du Budo Club !<\/a>\n\t\t\t\t\t\t\t\t\t\t\t<\/h3>\n\t\t\t\t\n\t\t\t\t\t<p class=\"post-meta\"><span class=\"published\">Oct 28, 2024<\/span> | <a href=\"https:\/\/aikido-ychoux.com\/index.php\/category\/news\/\" rel=\"tag\">news<\/a><\/p><div class=\"post-content\"><div class=\"post-content-inner et_multi_view_hidden\"><p>Ce d\u00e9but de saison 2024-25, est vraiment tr\u00e8s riche tant sur le plan technique, culturel, que spirituel. Les activit\u00e9s f\u00e9d\u00e9rales ou locales ont d\u00e9j\u00e0 bien d\u00e9but\u00e9, nous amenant \u00e0 d\u00e9couvrir des nouveaux axes de travail. N\u00e9anmoins nous avons souhait\u00e9 ne pas laisser les...<\/p>\n<\/div><\/div>\t\t\t\n\t\t\t<\/article>\n\t\t\t\t\n\t\t\t<article id=\"post-240835\" class=\"et_pb_post clearfix et_pb_no_thumb et_pb_blog_item_0_9 post-240835 post type-post status-publish format-standard hentry category-non-classe\">\n\n\t\t\t\t\n\t\t\t\t\t\t\t\t\t\t\t\t\t\t<h3 class=\"entry-title\">\n\t\t\t\t\t\t\t\t\t\t\t\t\t<a href=\"https:\/\/aikido-ychoux.com\/index.php\/2024\/10\/27\/une-rentree-dynamique-pour-le-budo-club-ychoussois\/\">Une rentr\u00e9e dynamique pour le Budo Club Ychoussois !<\/a>\n\t\t\t\t\t\t\t\t\t\t\t<\/h3>\n\t\t\t\t\n\t\t\t\t\t<p class=\"post-meta\"><span class=\"published\">Oct 27, 2024<\/span> | <a href=\"https:\/\/aikido-ychoux.com\/index.php\/category\/non-classe\/\" rel=\"tag\">Non class\u00e9<\/a><\/p><div class=\"post-content\"><div class=\"post-content-inner et_multi_view_hidden\"><p>Les premiers retours sur ce d\u00e9but de saison 2024-2025 sont particuli\u00e8rement encourageants et confirment le statut du Budo Club Ychoussois comme leader de l\u2019A\u00efkido dans les Landes mais aussi en Aquitaine.\u00a0 Le club compte, depuis plusieurs ann\u00e9es, pas moins d\u2019une...<\/p>\n<\/div><\/div>\t\t\t\n\t\t\t<\/article>\n\t\t\t\t\n\t\t\t<article id=\"post-240772\" class=\"et_pb_post clearfix et_pb_no_thumb et_pb_blog_item_0_10 post-240772 post type-post status-publish format-standard hentry category-reflexion\">\n\n\t\t\t\t\n\t\t\t\t\t\t\t\t\t\t\t\t\t\t<h3 class=\"entry-title\">\n\t\t\t\t\t\t\t\t\t\t\t\t\t<a href=\"https:\/\/aikido-ychoux.com\/index.php\/2024\/07\/10\/evoluer-vers-le-role-d-aite\/\">Evoluer vers le r\u00f4le d&rsquo; \u00ab\u00a0Aite\u00a0\u00bb<\/a>\n\t\t\t\t\t\t\t\t\t\t\t<\/h3>\n\t\t\t\t\n\t\t\t\t\t<p class=\"post-meta\"><span class=\"published\">Juil 10, 2024<\/span> | <a href=\"https:\/\/aikido-ychoux.com\/index.php\/category\/reflexion\/\" rel=\"tag\">reflexion<\/a><\/p><div class=\"post-content\"><div class=\"post-content-inner et_multi_view_hidden\"><p>Pour clore la s\u00e9rie d\u2019articles au sujet de la relation entre pratiquants, nous vous proposons de mettre en avant les pratiques qui vous permettront de d\u00e9velopper les liens entre partenaires. Ce travail de chaque instant et de chacun doit \u00eatre au centre de la pratique,...<\/p>\n<\/div><\/div>\t\t\t\n\t\t\t<\/article>\n\t\t\t\t\n\t\t\t<article id=\"post-240781\" class=\"et_pb_post clearfix et_pb_no_thumb et_pb_blog_item_0_11 post-240781 post type-post status-publish format-standard hentry category-reflexion\">\n\n\t\t\t\t\n\t\t\t\t\t\t\t\t\t\t\t\t\t\t<h3 class=\"entry-title\">\n\t\t\t\t\t\t\t\t\t\t\t\t\t<a href=\"https:\/\/aikido-ychoux.com\/index.php\/2024\/07\/10\/aite-shite\/\">Aite &#8211; Shite<\/a>\n\t\t\t\t\t\t\t\t\t\t\t<\/h3>\n\t\t\t\t\n\t\t\t\t\t<p class=\"post-meta\"><span class=\"published\">Juil 10, 2024<\/span> | <a href=\"https:\/\/aikido-ychoux.com\/index.php\/category\/reflexion\/\" rel=\"tag\">reflexion<\/a><\/p><div class=\"post-content\"><div class=\"post-content-inner et_multi_view_hidden\"><p>Dans le pr\u00e9c\u00e9dent article, nous avons abord\u00e9 les termes \u00ab uke \u00bb et \u00ab tori \u00bb ainsi que larelation entre eux. Ceux-ci sont souvent employ\u00e9s en A\u00efkido. De m\u00eame, les termes\u00ab Aite \u00bb et \u00ab Shite \u00bb sont mis en avant (prononc\u00e9 de la m\u00eame mani\u00e8re que Uke : le \u00ab e \u00bbse prononce \u00ab...<\/p>\n<\/div><\/div>\t\t\t\n\t\t\t<\/article>\n\t\t\t\t\n\t\t\t<article id=\"post-240412\" class=\"et_pb_post clearfix et_pb_blog_item_0_12 post-240412 post type-post status-publish format-standard has-post-thumbnail hentry category-non-classe\">\n\n\t\t\t\t<div class=\"et_pb_image_container\"><a href=\"https:\/\/aikido-ychoux.com\/index.php\/2024\/04\/10\/un-mois-de-mars-riche-pour-le-budo-club-ychoussois\/\" class=\"entry-featured-image-url\"><img loading=\"lazy\" decoding=\"async\" src=\"https:\/\/aikido-ychoux.com\/wp-content\/uploads\/2024\/04\/431169930_936349481515086_2580192144469680112_n-400x250.jpg\" alt=\"Un mois de mars riche pour le Budo Club Ychoussois !\" class=\"\" srcset=\"https:\/\/aikido-ychoux.com\/wp-content\/uploads\/2024\/04\/431169930_936349481515086_2580192144469680112_n.jpg 479w, https:\/\/aikido-ychoux.com\/wp-content\/uploads\/2024\/04\/431169930_936349481515086_2580192144469680112_n-400x250.jpg 480w \" sizes=\"(max-width:479px) 479px, 100vw \"  width=\"400\" height=\"250\" \/><\/a><\/div>\n\t\t\t\t\t\t\t\t\t\t\t\t\t\t<h3 class=\"entry-title\">\n\t\t\t\t\t\t\t\t\t\t\t\t\t<a href=\"https:\/\/aikido-ychoux.com\/index.php\/2024\/04\/10\/un-mois-de-mars-riche-pour-le-budo-club-ychoussois\/\">Un mois de mars riche pour le Budo Club Ychoussois !<\/a>\n\t\t\t\t\t\t\t\t\t\t\t<\/h3>\n\t\t\t\t\n\t\t\t\t\t<p class=\"post-meta\"><span class=\"published\">Avr 10, 2024<\/span> | <a href=\"https:\/\/aikido-ychoux.com\/index.php\/category\/non-classe\/\" rel=\"tag\">Non class\u00e9<\/a><\/p><div class=\"post-content\"><div class=\"post-content-inner et_multi_view_hidden\"><p>Le mois de mars lance l\u2019arriv\u00e9e du printemps et la fin de la saison hivernale, souvent marqu\u00e9e parune forte tendance \u00e0 rester bien au chaud chez soi.. \u00e0 d\u00e9serter les tatamis...Mais cela ne fait pas partie des habitudes des pratiquants du BudoClub Ychoussois !Aussi, le...<\/p>\n<\/div><\/div>\t\t\t\n\t\t\t<\/article>\n\t\t\t\t\n\t\t\t<article id=\"post-240395\" class=\"et_pb_post clearfix et_pb_blog_item_0_13 post-240395 post type-post status-publish format-standard has-post-thumbnail hentry category-news\">\n\n\t\t\t\t<div class=\"et_pb_image_container\"><a href=\"https:\/\/aikido-ychoux.com\/index.php\/2024\/03\/04\/stage-departemental-a-mont-de-marsan\/\" class=\"entry-featured-image-url\"><img loading=\"lazy\" decoding=\"async\" src=\"https:\/\/aikido-ychoux.com\/wp-content\/uploads\/2024\/03\/422620295_878811457278114_5809839778254979110_n-400x250.jpg\" alt=\"Stage d\u00e9partemental \u00e0 Mont de Marsan !\" class=\"\" srcset=\"https:\/\/aikido-ychoux.com\/wp-content\/uploads\/2024\/03\/422620295_878811457278114_5809839778254979110_n.jpg 479w, https:\/\/aikido-ychoux.com\/wp-content\/uploads\/2024\/03\/422620295_878811457278114_5809839778254979110_n-400x250.jpg 480w \" sizes=\"(max-width:479px) 479px, 100vw \"  width=\"400\" height=\"250\" \/><\/a><\/div>\n\t\t\t\t\t\t\t\t\t\t\t\t\t\t<h3 class=\"entry-title\">\n\t\t\t\t\t\t\t\t\t\t\t\t\t<a href=\"https:\/\/aikido-ychoux.com\/index.php\/2024\/03\/04\/stage-departemental-a-mont-de-marsan\/\">Stage d\u00e9partemental \u00e0 Mont de Marsan !<\/a>\n\t\t\t\t\t\t\t\t\t\t\t<\/h3>\n\t\t\t\t\n\t\t\t\t\t<p class=\"post-meta\"><span class=\"published\">Mar 4, 2024<\/span> | <a href=\"https:\/\/aikido-ychoux.com\/index.php\/category\/news\/\" rel=\"tag\">news<\/a><\/p><div class=\"post-content\"><div class=\"post-content-inner et_multi_view_hidden\"><p>Samedi 17 f\u00e9vrier, le Stade Montois, en partenariat avec la Ligue d'A\u00efkido de Nouvelle-Aquitaine, accueillait le stage d\u00e9partemental. Ce stage co-dirig\u00e9 par Peter Kovacs, 4e Dan A\u00efkika\u00ef et moi m\u00eame Benjamin Bodier 2e Dan A\u00efkika\u00ef a permis de proposer\u00a0 deux...<\/p>\n<\/div><\/div>\t\t\t\n\t\t\t<\/article>\n\t\t\t\t\n\t\t\t<article id=\"post-240369\" class=\"et_pb_post clearfix et_pb_blog_item_0_14 post-240369 post type-post status-publish format-standard has-post-thumbnail hentry category-news\">\n\n\t\t\t\t<div class=\"et_pb_image_container\"><a href=\"https:\/\/aikido-ychoux.com\/index.php\/2024\/02\/20\/cest-quoi-les-interclubs-enfants\/\" class=\"entry-featured-image-url\"><img loading=\"lazy\" decoding=\"async\" src=\"https:\/\/aikido-ychoux.com\/wp-content\/uploads\/2024\/02\/PXL_20240211_090739181-1-400x250.jpg\" alt=\"C&rsquo;est quoi les interclubs enfants ?\" class=\"\" srcset=\"https:\/\/aikido-ychoux.com\/wp-content\/uploads\/2024\/02\/PXL_20240211_090739181-1-scaled.jpg 479w, https:\/\/aikido-ychoux.com\/wp-content\/uploads\/2024\/02\/PXL_20240211_090739181-1-400x250.jpg 480w \" sizes=\"(max-width:479px) 479px, 100vw \"  width=\"400\" height=\"250\" \/><\/a><\/div>\n\t\t\t\t\t\t\t\t\t\t\t\t\t\t<h3 class=\"entry-title\">\n\t\t\t\t\t\t\t\t\t\t\t\t\t<a href=\"https:\/\/aikido-ychoux.com\/index.php\/2024\/02\/20\/cest-quoi-les-interclubs-enfants\/\">C&rsquo;est quoi les interclubs enfants ?<\/a>\n\t\t\t\t\t\t\t\t\t\t\t<\/h3>\n\t\t\t\t\n\t\t\t\t\t<p class=\"post-meta\"><span class=\"published\">F\u00e9v 20, 2024<\/span> | <a href=\"https:\/\/aikido-ychoux.com\/index.php\/category\/news\/\" rel=\"tag\">news<\/a><\/p><div class=\"post-content\"><div class=\"post-content-inner et_multi_view_hidden\"><p>Les enfants des clubs des environs ont le plaisir de se retrouver sur les tatamis lors des interclubs une fois par mois. Les enseignants des diff\u00e9rents clubs locaux proposent un travail riche \u00e0 mains nues ou aux armes. C\u2019est l\u2019occasion pour les jeunes pratiquants de...<\/p>\n<\/div><\/div>\t\t\t\n\t\t\t<\/article>\n\t\t\t\t\n\t\t\t<article id=\"post-240311\" class=\"et_pb_post clearfix et_pb_blog_item_0_15 post-240311 post type-post status-publish format-standard has-post-thumbnail hentry category-news category-non-classe\">\n\n\t\t\t\t<div class=\"et_pb_image_container\"><a href=\"https:\/\/aikido-ychoux.com\/index.php\/2024\/01\/18\/un-kagami-biraki-riche-en-emotions\/\" class=\"entry-featured-image-url\"><img loading=\"lazy\" decoding=\"async\" src=\"https:\/\/aikido-ychoux.com\/wp-content\/uploads\/2024\/01\/OIG-2-400x250.jpeg\" alt=\"Un Kagami Biraki riche en \u00e9motions !\" class=\"\" srcset=\"https:\/\/aikido-ychoux.com\/wp-content\/uploads\/2024\/01\/OIG-2.jpeg 479w, https:\/\/aikido-ychoux.com\/wp-content\/uploads\/2024\/01\/OIG-2-400x250.jpeg 480w \" sizes=\"(max-width:479px) 479px, 100vw \"  width=\"400\" height=\"250\" \/><\/a><\/div>\n\t\t\t\t\t\t\t\t\t\t\t\t\t\t<h3 class=\"entry-title\">\n\t\t\t\t\t\t\t\t\t\t\t\t\t<a href=\"https:\/\/aikido-ychoux.com\/index.php\/2024\/01\/18\/un-kagami-biraki-riche-en-emotions\/\">Un Kagami Biraki riche en \u00e9motions !<\/a>\n\t\t\t\t\t\t\t\t\t\t\t<\/h3>\n\t\t\t\t\n\t\t\t\t\t<p class=\"post-meta\"><span class=\"published\">Jan 18, 2024<\/span> | <a href=\"https:\/\/aikido-ychoux.com\/index.php\/category\/news\/\" rel=\"tag\">news<\/a>, <a href=\"https:\/\/aikido-ychoux.com\/index.php\/category\/non-classe\/\" rel=\"tag\">Non class\u00e9<\/a><\/p><div class=\"post-content\"><div class=\"post-content-inner et_multi_view_hidden\"><p>Au\u00a0BudoClub Ychoussois comme dans beaucoup d\u2019autres clubs, nous nous retrouvons chaque d\u00e9but d\u2019ann\u00e9e pour se souhaiter tout un tas de bonnes choses autour de la traditionnelle galette. Mais cette ann\u00e9e sous l\u2019impulsion d\u2019une sacr\u00e9e \u00e9quipe, nous avons lanc\u00e9 une...<\/p>\n<\/div><\/div>\t\t\t\n\t\t\t<\/article>\n\t\t\t\t<\/div><div><div class=\"pagination clearfix\">\n\t<div class=\"alignleft\"><a href=\"https:\/\/aikido-ychoux.com\/index.php\/wp-json\/wp\/v2\/pages\/239833\/page\/2\/?et_blog\" >&laquo; Entr\u00e9es Plus Anciennes<\/a><\/div>\n\t<div class=\"alignright\"><\/div>\n<\/div><\/div><\/div>\n\t\t\t\t\t<\/div>\n\t\t\t\t\t \n\t\t\t\t<\/div>\n\t\t\t<\/div>\n\t\t\t\t\n\t\t\t\t\n\t\t\t\t\n\t\t\t\t\n\t\t\t<\/div><div class=\"et_d4_element et_pb_row et_pb_row_2  et_pb_css_mix_blend_mode et_block_row\">\n\t\t\t\t<div class=\"et_d4_element et_pb_column_4_4 et_pb_column et_pb_column_2  et_pb_css_mix_blend_mode et-last-child et_block_column\">\n\t\t\t\t\n\t\t\t\t\n\t\t\t\t\n\t\t\t\t\n\t\t\t\t<div class=\"et_pb_module et_d4_element et_pb_signup_0 et_pb_newsletter_layout_top_bottom et_pb_newsletter et_pb_subscribe clearfix  et_pb_text_align_center et_pb_bg_layout_dark et_pb_newsletter_description_no_content\">\n\t\t\t\t\n\t\t\t\t\n\t\t\t\t\n\t\t\t\t\n\t\t\t\t<div class=\"et_pb_newsletter_description\"><h2 class=\"et_pb_module_header\">Recevez la Newsletter<\/h2><\/div>\n\t\t\t\t\n\t\t\t\t<div class=\"et_pb_newsletter_form\">\n\t\t\t\t\t<form method=\"post\">\n\t\t\t\t\t\t<div class=\"et_pb_newsletter_result et_pb_newsletter_error\"><\/div>\n\t\t\t\t\t\t<div class=\"et_pb_newsletter_result et_pb_newsletter_success\">\n\t\t\t\t\t\t\t<h2>Super, bient\u00f4t plein d&#039;infos int\u00e9ressantes sur votre club directement dans votre boite mail!<\/h2>\n\t\t\t\t\t\t<\/div>\n\t\t\t\t\t\t<div class=\"et_pb_newsletter_fields\">\n\t\t\t\t\t\t\t\n\t\t\t\t\t<p class=\"et_pb_newsletter_field et_pb_contact_field_last et_pb_contact_field_last_tablet et_pb_contact_field_last_phone\">\n\t\t\t\t\t\t<label class=\"et_pb_contact_form_label\" for=\"et_pb_signup_firstname\" style=\"display: none;\">Pr\u00e9nom<\/label>\n\t\t\t\t\t\t<input id=\"et_pb_signup_firstname\" class=\"input\" type=\"text\" placeholder=\"Pr\u00e9nom\" name=\"et_pb_signup_firstname\">\n\t\t\t\t\t<\/p>\n\t\t\t\t\t\t\t\n\t\t\t\t\t<p class=\"et_pb_newsletter_field et_pb_contact_field_last et_pb_contact_field_last_tablet et_pb_contact_field_last_phone\">\n\t\t\t\t\t\t<label class=\"et_pb_contact_form_label\" for=\"et_pb_signup_lastname\" style=\"display: none;\">Nom<\/label>\n\t\t\t\t\t\t<input id=\"et_pb_signup_lastname\" class=\"input\" type=\"text\" placeholder=\"Nom\" name=\"et_pb_signup_lastname\">\n\t\t\t\t\t<\/p>\n\t\t\t\t\t\t\t\n\t\t\t\t\t<p class=\"et_pb_newsletter_field et_pb_contact_field_last et_pb_contact_field_last_tablet et_pb_contact_field_last_phone\">\n\t\t\t\t\t\t<label class=\"et_pb_contact_form_label\" for=\"et_pb_signup_email\" style=\"display: none;\">E-mail<\/label>\n\t\t\t\t\t\t<input id=\"et_pb_signup_email\" class=\"input\" type=\"text\" placeholder=\"E-mail\" name=\"et_pb_signup_email\">\n\t\t\t\t\t<\/p>\n\t\t\t\t\t\t\t\n\t\t\t\t\t\t\t\n\t\t\t\t\t<p class=\"et_pb_newsletter_button_wrap\">\n\t\t\t\t\t\t<a class=\"et_pb_newsletter_button et_pb_button\" href=\"#\" data-icon=\"N\">\n\t\t\t\t\t\t\t<span class=\"et_subscribe_loader\"><\/span>\n\t\t\t\t\t\t\t<span class=\"et_pb_newsletter_button_text\">s'abonner<\/span>\n\t\t\t\t\t\t<\/a>\n\t\t\t\t\t<\/p>\n\t\t\t\t\t\t\t\n\t\t\t\t\t\t<\/div>\n\t\t\t\t\t\t\n\t\t\t\t\t\t<input type=\"hidden\" value=\"sendinblue\" name=\"et_pb_signup_provider\" \/>\n\t\t\t\t\t\t<input type=\"hidden\" value=\"3\" name=\"et_pb_signup_list_id\" \/>\n\t\t\t\t\t\t<input type=\"hidden\" value=\"budoychoussois@gmailcom\" name=\"et_pb_signup_account_name\" \/>\n\t\t\t\t\t\t<input type=\"hidden\" value=\"true\" name=\"et_pb_signup_ip_address\" \/><input type=\"hidden\" value=\"45d96c8964f3008dee8250048a86da24\" name=\"et_pb_signup_checksum\" \/>\n\t\t\t\t\t<\/form>\n\t\t\t\t<\/div>\n\t\t\t<\/div>\n\t\t\t<\/div>\n\t\t\t\t\n\t\t\t\t\n\t\t\t\t\n\t\t\t\t\n\t\t\t<\/div>\n\t\t\t\t\n\t\t\t\t\n\t\t\t<\/div><div class=\"et_d4_element et_pb_section et_pb_section_1 et_pb_with_background  et_pb_css_mix_blend_mode et_section_regular et_block_section\" >\n\t\t\t\t\n\t\t\t\t\n\t\t\t\t\n\t\t\t\t\n\t\t\t\t\n\t\t\t\t\n\t\t\t\t\n\t\t\t\t\n\t\t\t\t\n\t\t\t<\/div><\/p>\n","protected":false},"excerpt":{"rendered":"","protected":false},"author":1,"featured_media":0,"parent":0,"menu_order":0,"comment_status":"closed","ping_status":"closed","template":"","meta":{"_et_pb_use_builder":"on","_et_pb_old_content":"","_et_gb_content_width":"","footnotes":""},"class_list":["post-239833","page","type-page","status-publish","hentry"],"yoast_head":"<!-- This site is optimized with the Yoast SEO plugin v27.5 - https:\/\/yoast.com\/product\/yoast-seo-wordpress\/ -->\n<title>Blog - A\u00efkido Ychoux<\/title>\n<meta name=\"description\" content=\"infos, guides, techniques, toutes la news et articles autour de l&#039;a\u00efkido et du Budo club de la ville d&#039;Ychoux\" \/>\n<meta name=\"robots\" content=\"index, follow, max-snippet:-1, max-image-preview:large, max-video-preview:-1\" \/>\n<link rel=\"canonical\" href=\"https:\/\/aikido-ychoux.com\/index.php\/blog\/\" \/>\n<meta property=\"og:locale\" content=\"fr_FR\" \/>\n<meta property=\"og:type\" content=\"article\" \/>\n<meta property=\"og:title\" content=\"Blog - A\u00efkido Ychoux\" \/>\n<meta property=\"og:description\" content=\"infos, guides, techniques, toutes la news et articles autour de l&#039;a\u00efkido et du Budo club de la ville d&#039;Ychoux\" \/>\n<meta property=\"og:url\" content=\"https:\/\/aikido-ychoux.com\/index.php\/blog\/\" \/>\n<meta property=\"og:site_name\" content=\"A\u00efkido Ychoux\" \/>\n<meta property=\"article:publisher\" content=\"https:\/\/www.facebook.com\/budoclubychoux\/\" \/>\n<meta property=\"article:modified_time\" content=\"2024-01-04T10:13:45+00:00\" \/>\n<meta name=\"twitter:card\" content=\"summary_large_image\" \/>\n<meta name=\"twitter:label1\" content=\"Dur\u00e9e de lecture estim\u00e9e\" \/>\n\t<meta name=\"twitter:data1\" content=\"1 minute\" \/>\n<script type=\"application\/ld+json\" class=\"yoast-schema-graph\">{\"@context\":\"https:\\\/\\\/schema.org\",\"@graph\":[{\"@type\":\"WebPage\",\"@id\":\"https:\\\/\\\/aikido-ychoux.com\\\/index.php\\\/blog\\\/\",\"url\":\"https:\\\/\\\/aikido-ychoux.com\\\/index.php\\\/blog\\\/\",\"name\":\"Blog - A\u00efkido Ychoux\",\"isPartOf\":{\"@id\":\"https:\\\/\\\/aikido-ychoux.com\\\/#website\"},\"datePublished\":\"2023-08-19T13:28:03+00:00\",\"dateModified\":\"2024-01-04T10:13:45+00:00\",\"description\":\"infos, guides, techniques, toutes la news et articles autour de l'a\u00efkido et du Budo club de la ville d'Ychoux\",\"breadcrumb\":{\"@id\":\"https:\\\/\\\/aikido-ychoux.com\\\/index.php\\\/blog\\\/#breadcrumb\"},\"inLanguage\":\"fr-FR\",\"potentialAction\":[{\"@type\":\"ReadAction\",\"target\":[\"https:\\\/\\\/aikido-ychoux.com\\\/index.php\\\/blog\\\/\"]}]},{\"@type\":\"BreadcrumbList\",\"@id\":\"https:\\\/\\\/aikido-ychoux.com\\\/index.php\\\/blog\\\/#breadcrumb\",\"itemListElement\":[{\"@type\":\"ListItem\",\"position\":1,\"name\":\"Accueil\",\"item\":\"https:\\\/\\\/aikido-ychoux.com\\\/\"},{\"@type\":\"ListItem\",\"position\":2,\"name\":\"Blog\"}]},{\"@type\":\"WebSite\",\"@id\":\"https:\\\/\\\/aikido-ychoux.com\\\/#website\",\"url\":\"https:\\\/\\\/aikido-ychoux.com\\\/\",\"name\":\"A\u00efkido Ychoux\",\"description\":\"Le site officiel du club d&#039;A\u00efkido de la ville d&#039;Ychoux\",\"publisher\":{\"@id\":\"https:\\\/\\\/aikido-ychoux.com\\\/#organization\"},\"potentialAction\":[{\"@type\":\"SearchAction\",\"target\":{\"@type\":\"EntryPoint\",\"urlTemplate\":\"https:\\\/\\\/aikido-ychoux.com\\\/?s={search_term_string}\"},\"query-input\":{\"@type\":\"PropertyValueSpecification\",\"valueRequired\":true,\"valueName\":\"search_term_string\"}}],\"inLanguage\":\"fr-FR\"},{\"@type\":\"Organization\",\"@id\":\"https:\\\/\\\/aikido-ychoux.com\\\/#organization\",\"name\":\"Budo Club Ychoussois\",\"url\":\"https:\\\/\\\/aikido-ychoux.com\\\/\",\"logo\":{\"@type\":\"ImageObject\",\"inLanguage\":\"fr-FR\",\"@id\":\"https:\\\/\\\/aikido-ychoux.com\\\/#\\\/schema\\\/logo\\\/image\\\/\",\"url\":\"https:\\\/\\\/aikido-ychoux.com\\\/wp-content\\\/uploads\\\/2017\\\/08\\\/cropped-cercleYchouxCOL.png\",\"contentUrl\":\"https:\\\/\\\/aikido-ychoux.com\\\/wp-content\\\/uploads\\\/2017\\\/08\\\/cropped-cercleYchouxCOL.png\",\"width\":512,\"height\":512,\"caption\":\"Budo Club Ychoussois\"},\"image\":{\"@id\":\"https:\\\/\\\/aikido-ychoux.com\\\/#\\\/schema\\\/logo\\\/image\\\/\"},\"sameAs\":[\"https:\\\/\\\/www.facebook.com\\\/budoclubychoux\\\/\"]}]}<\/script>\n<!-- \/ Yoast SEO plugin. -->","yoast_head_json":{"title":"Blog - A\u00efkido Ychoux","description":"infos, guides, techniques, toutes la news et articles autour de l'a\u00efkido et du Budo club de la ville d'Ychoux","robots":{"index":"index","follow":"follow","max-snippet":"max-snippet:-1","max-image-preview":"max-image-preview:large","max-video-preview":"max-video-preview:-1"},"canonical":"https:\/\/aikido-ychoux.com\/index.php\/blog\/","og_locale":"fr_FR","og_type":"article","og_title":"Blog - A\u00efkido Ychoux","og_description":"infos, guides, techniques, toutes la news et articles autour de l'a\u00efkido et du Budo club de la ville d'Ychoux","og_url":"https:\/\/aikido-ychoux.com\/index.php\/blog\/","og_site_name":"A\u00efkido Ychoux","article_publisher":"https:\/\/www.facebook.com\/budoclubychoux\/","article_modified_time":"2024-01-04T10:13:45+00:00","twitter_card":"summary_large_image","twitter_misc":{"Dur\u00e9e de lecture estim\u00e9e":"1 minute"},"schema":{"@context":"https:\/\/schema.org","@graph":[{"@type":"WebPage","@id":"https:\/\/aikido-ychoux.com\/index.php\/blog\/","url":"https:\/\/aikido-ychoux.com\/index.php\/blog\/","name":"Blog - A\u00efkido Ychoux","isPartOf":{"@id":"https:\/\/aikido-ychoux.com\/#website"},"datePublished":"2023-08-19T13:28:03+00:00","dateModified":"2024-01-04T10:13:45+00:00","description":"infos, guides, techniques, toutes la news et articles autour de l'a\u00efkido et du Budo club de la ville d'Ychoux","breadcrumb":{"@id":"https:\/\/aikido-ychoux.com\/index.php\/blog\/#breadcrumb"},"inLanguage":"fr-FR","potentialAction":[{"@type":"ReadAction","target":["https:\/\/aikido-ychoux.com\/index.php\/blog\/"]}]},{"@type":"BreadcrumbList","@id":"https:\/\/aikido-ychoux.com\/index.php\/blog\/#breadcrumb","itemListElement":[{"@type":"ListItem","position":1,"name":"Accueil","item":"https:\/\/aikido-ychoux.com\/"},{"@type":"ListItem","position":2,"name":"Blog"}]},{"@type":"WebSite","@id":"https:\/\/aikido-ychoux.com\/#website","url":"https:\/\/aikido-ychoux.com\/","name":"A\u00efkido Ychoux","description":"Le site officiel du club d&#039;A\u00efkido de la ville d&#039;Ychoux","publisher":{"@id":"https:\/\/aikido-ychoux.com\/#organization"},"potentialAction":[{"@type":"SearchAction","target":{"@type":"EntryPoint","urlTemplate":"https:\/\/aikido-ychoux.com\/?s={search_term_string}"},"query-input":{"@type":"PropertyValueSpecification","valueRequired":true,"valueName":"search_term_string"}}],"inLanguage":"fr-FR"},{"@type":"Organization","@id":"https:\/\/aikido-ychoux.com\/#organization","name":"Budo Club Ychoussois","url":"https:\/\/aikido-ychoux.com\/","logo":{"@type":"ImageObject","inLanguage":"fr-FR","@id":"https:\/\/aikido-ychoux.com\/#\/schema\/logo\/image\/","url":"https:\/\/aikido-ychoux.com\/wp-content\/uploads\/2017\/08\/cropped-cercleYchouxCOL.png","contentUrl":"https:\/\/aikido-ychoux.com\/wp-content\/uploads\/2017\/08\/cropped-cercleYchouxCOL.png","width":512,"height":512,"caption":"Budo Club Ychoussois"},"image":{"@id":"https:\/\/aikido-ychoux.com\/#\/schema\/logo\/image\/"},"sameAs":["https:\/\/www.facebook.com\/budoclubychoux\/"]}]}},"_links":{"self":[{"href":"https:\/\/aikido-ychoux.com\/index.php\/wp-json\/wp\/v2\/pages\/239833","targetHints":{"allow":["GET"]}}],"collection":[{"href":"https:\/\/aikido-ychoux.com\/index.php\/wp-json\/wp\/v2\/pages"}],"about":[{"href":"https:\/\/aikido-ychoux.com\/index.php\/wp-json\/wp\/v2\/types\/page"}],"author":[{"embeddable":true,"href":"https:\/\/aikido-ychoux.com\/index.php\/wp-json\/wp\/v2\/users\/1"}],"replies":[{"embeddable":true,"href":"https:\/\/aikido-ychoux.com\/index.php\/wp-json\/wp\/v2\/comments?post=239833"}],"version-history":[{"count":56,"href":"https:\/\/aikido-ychoux.com\/index.php\/wp-json\/wp\/v2\/pages\/239833\/revisions"}],"predecessor-version":[{"id":240308,"href":"https:\/\/aikido-ychoux.com\/index.php\/wp-json\/wp\/v2\/pages\/239833\/revisions\/240308"}],"wp:attachment":[{"href":"https:\/\/aikido-ychoux.com\/index.php\/wp-json\/wp\/v2\/media?parent=239833"}],"curies":[{"name":"wp","href":"https:\/\/api.w.org\/{rel}","templated":true}]}}